{"id":1490,"date":"2014-11-06T05:51:21","date_gmt":"2014-11-06T05:51:21","guid":{"rendered":"http:\/\/howes-data.thememount.com\/?page_id=1490"},"modified":"2017-05-05T09:45:34","modified_gmt":"2017-05-05T09:45:34","slug":"institucional","status":"publish","type":"page","link":"https:\/\/www.austral.edu.ar\/escueladegobierno\/casoteca\/index.php\/institucional\/","title":{"rendered":"Institucional"},"content":{"rendered":"<div class=\"wpb-content-wrapper\"><p>[vc_row css=&#8221;.vc_custom_1487089033492{padding-top: 50px !important;padding-bottom: 50px !important;}&#8221;][vc_column][vc_column_text]<\/p>\n<h3>Qui\u00e9nes somos<\/h3>\n<p>[\/vc_column_text][vc_column_text css_animation=&#8221;none&#8221; el_class=&#8221;institucional&#8221;]La CASOTECA nace de la vocaci\u00f3n compartida entre diversos actores de la sociedad por mejorar la calidad de la administraci\u00f3n p\u00fablica a trav\u00e9s de una adecuada formaci\u00f3n de los funcionarios p\u00fablicos, orientada a la soluci\u00f3n de problemas pr\u00e1cticos y concretos. Para ello resulta conveniente contar con casos de pol\u00edticas p\u00fablicas, capaces de transmitir experiencias valiosas y aprendizajes positivos: \u00bfc\u00f3mo hacen los que hacen?<\/p>\n<p>Se trata de contar con una plataforma que re\u00fana un n\u00famero creciente de casos de gesti\u00f3n p\u00fablica que pueda ser utilizada tanto para mejora de la calidad institucional y de gesti\u00f3n de los distintos niveles de gobierno, como para la formaci\u00f3n de profesionales de la administraci\u00f3n p\u00fablica.<\/p>\n<p>Los casos pueden ser elaborados por muy distintos actores que quieran dar a conocer c\u00f3mo se ha atendido o resuelto un problema concreto de gesti\u00f3n p\u00fablica.<\/p>\n<p>Acreditados los est\u00e1ndares de calidad en su\u00a0 redacci\u00f3n, un nuevo \u00a0caso\u00a0 puede ser incorporado a esta plataforma.<\/p>\n<p>Dar a conocer, compartir y difundir esas buenas experiencias de gesti\u00f3n p\u00fablica contribuir\u00e1 a crear una cultura de la mejora permanente en el funcionamiento del Gobierno y de la Administraci\u00f3n P\u00fablica,\u00a0 en beneficio de la sociedad y de cada uno de sus integrantes.[\/vc_column_text][\/vc_column][\/vc_row][vc_row css_animation=&#8221;none&#8221; bgtype=&#8221;dark&#8221; parallax=&#8221;true&#8221; css=&#8221;.vc_custom_1490100667663{padding-top: 100px !important;padding-bottom: 70px !important;background-image: url(www.austral.edu.ar\/escueladegobierno\/casoteca\/wp-content\/uploads\/2014\/11\/pexels-photo-333304-min.jpeg?id=2246) !important;background-position: center;background-repeat: no-repeat !important;background-size: cover !important;}&#8221;][vc_column][vc_cta h2=&#8221;Historia de la Casoteca&#8221; txt_align=&#8221;center&#8221; css_animation=&#8221;fadeIn&#8221;][\/vc_cta]<section class=\"thememount-servicebox thememount-servicebox-lefticon wpb_animate_when_almost_visible wpb_bottom-to-top wpb_start_animation none institucional\"><div class=\"thememount-servicebox-title-wrapper\"><i class=\"thememount-icon tmicon-fa-university icon-size-large icon-align-left thememount-ibgcolor thememount-ibgcolor-skincolor\"><\/i><h2 class=\"thememount-servicebox-title\">2015<\/h2><h4 class=\"thememount-servicebox-subtitle\">Los primeros seis CASOS<\/h4><div class=\"thememount-servicebox-content\"><p>Se desarrollaron por iniciativa de la Escuela de Gobierno de la Universidad Austral, motivados por el inter\u00e9s de funcionarios del gobierno de la Ciudad Aut\u00f3noma de Buenos Aires de compartir y documentar la experiencia adquirida durante la gesti\u00f3n de determinados proyectos de pol\u00edtica p\u00fablica<\/p><\/div><\/div><\/section><section class=\"thememount-servicebox thememount-servicebox-lefticon  none institucional\"><div class=\"thememount-servicebox-title-wrapper\"><i class=\"thememount-icon tmicon-fa-file-pdf-o icon-size-large icon-align-left thememount-ibgcolor thememount-ibgcolor-skincolor\"><\/i><h2 class=\"thememount-servicebox-title\">2016<\/h2><h4 class=\"thememount-servicebox-subtitle\">Se suman veinte nuevos CASOS<\/h4><div class=\"thememount-servicebox-content\"><p>Desarrollados gracias a la colaboraci\u00f3n de un grupo de empresarios, quienes propusieron el objetivo de constituir a la CASOTECA como un bien p\u00fablico de manera de dar libre accesibilidad en su uso.<br \/>\nSimult\u00e1neamente, con el apoyo de la Fundaci\u00f3n Hanns Seidel, se desarrollaron otros CASOS, algunos de ellos rese\u00f1ando experiencias de otros pa\u00edses .<br \/>\nTambi\u00e9n, se elaboraron nuevos casos mediante un nuevo convenio de la Universidad Austral y el gobierno de la Ciudad de Buenos Aires.<\/p><\/div><\/div><\/section><section class=\"thememount-servicebox thememount-servicebox-lefticon  none institucional\"><div class=\"thememount-servicebox-title-wrapper\"><i class=\"thememount-icon tmicon-fa-users icon-size-large icon-align-left thememount-ibgcolor thememount-ibgcolor-skincolor\"><\/i><h2 class=\"thememount-servicebox-title\">2017<\/h2><h4 class=\"thememount-servicebox-subtitle\">Lanzamiento de la CASOTECA<\/h4><div class=\"thememount-servicebox-content\"><p>El hito del lanzamiento plantea el desaf\u00edo de que la CASOTECA se siga nutriendo con nuevos casos a\u00f1o a a\u00f1o y sus usuarios se multipliquen. Para la consecuci\u00f3n de estos objetivos, se est\u00e1 trabajando en la consolidaci\u00f3n de la plataforma sumando entidades participantes, para evaluar en conjunto los criterios de trabajo, analizar diferentes escenarios de sostenibilidad para seguir enriqueci\u00e9ndola y lograr que el espacio se constituya en punto de encuentro e intercambio de experiencias, donde la contribuci\u00f3n de sus integrantes permite explorar nuevas posibilidades en la generaci\u00f3n de herramientas que faciliten y mejoren la gesti\u00f3n p\u00fablica y la formaci\u00f3n de quienes la tienen a su cargo.<\/p><\/div><\/div><\/section>[\/vc_column][\/vc_row][vc_row css=&#8221;.vc_custom_1492786221636{padding-bottom: 60px !important;}&#8221;][vc_column]\n\t<div class=\"thememount-team-wrapper thememount-effect-carousel thememount-items-col-four thememount-carousel-col-four\"  data-autoplay=\"1\" data-autoplayspeed=\"800\" data-autoplaytimeout=\"4500\" data-loop=\"0\">\n\t<header class=\"thememount-heading-wrapper thememount-heading-wrapper-align-center\"><div class=\"thememount-heading-wrapper-inner\"><h2 class=\"thememount-heading-align-center\"><span>Consejo Acad\u00e9mico <\/span><\/h2><\/div><p class=\"thememount-subheading\">Consejo Acad\u00e9mico que eval\u00faa los nuevos casos a incorporar en la CASOTECA<\/p><div class=\"thememount-carousel-controls-inner\"><a href=\"javascript:void(0)\" class=\"thememount-carousel-prev\"><span class=\"wpb_button\"><i class=\"tmicon-fa-angle-left\"><\/i><\/span><\/a><a href=\"javascript:void(0)\" class=\"thememount-carousel-next\"><span class=\"wpb_button\"><i class=\"tmicon-fa-angle-right\"><\/i><\/span><\/a><\/div><\/header><div class=\" thememount-items-wrapper thememount-carousel-items-wrapper\">\n\t<div class=\"thememount-team-box tm-box col-lg-3 col-sm-6 col-md-3 col-xs-12\"><div class=\"thememount-team-img\"><\/div><!-- .thememount-team-img --><div class=\"thememount-team-data\"><h3 class=\"thememount-team-title\">Alfonso Santiago<\/h3>Universidad Austral<\/div>\n\t<\/div>\n\t<div class=\"thememount-team-box tm-box col-lg-3 col-sm-6 col-md-3 col-xs-12\"><div class=\"thememount-team-img\"><\/div><!-- .thememount-team-img --><div class=\"thememount-team-data\"><h3 class=\"thememount-team-title\">Fernando Straface<\/h3>GCABA<\/div>\n\t<\/div>\n\t<div class=\"thememount-team-box tm-box col-lg-3 col-sm-6 col-md-3 col-xs-12\"><div class=\"thememount-team-img\"><\/div><!-- .thememount-team-img --><div class=\"thememount-team-data\"><h3 class=\"thememount-team-title\">Sergio D\u00edaz Ricci<\/h3>Universidad Nacional de Tucum\u00e1n<\/div>\n\t<\/div>\n\t<div class=\"thememount-team-box tm-box col-lg-3 col-sm-6 col-md-3 col-xs-12\"><div class=\"thememount-team-img\"><\/div><!-- .thememount-team-img --><div class=\"thememount-team-data\"><h3 class=\"thememount-team-title\">Hugo Dalbosco<\/h3>Universidad Cat\u00f3lica Argentina<\/div>\n\t<\/div>\n\t<div class=\"thememount-team-box tm-box col-lg-3 col-sm-6 col-md-3 col-xs-12\"><div class=\"thememount-team-img\"><\/div><!-- .thememount-team-img --><div class=\"thememount-team-data\"><h3 class=\"thememount-team-title\">Mart\u00edn D\u00b4Alessandro<\/h3>SAAP<\/div>\n\t<\/div>\n\t<\/div><\/div>[\/vc_column][\/vc_row][vc_row][vc_column]\n\t<div class=\"thememount-client-wrapper container thememount-client-view-carousel thememount-client-column-six thememount-effect-carousel thememount-carousel-col-six thememount-with-pagination\"   data-autoplay=\"1\" data-autoplayspeed=\"800\" data-autoplaytimeout=\"4500\" data-loop=\"0\">\n\t<header class=\"thememount-heading-wrapper thememount-heading-wrapper-align-center\"><div class=\"thememount-heading-wrapper-inner\"><h2 class=\"thememount-heading-align-center\"><span>Adhieren a la CASOTECA<\/span><\/h2><\/div><\/header><div class=\" thememount-clients thememount-carousel-items-wrapper\"><div class=\"col-lg-2 col-sm-4 col-md-4 col-xs-12 tm-box\"><a href=\"http:\/\/www.iadb.org\/es\/intal\/instituto-para-la-integracion-de-america-latina-y-el-caribe-intal,19448.html\" target=\"_blank\" title=\"Instituto para la integraci\u00f3n de Am\u00e9rica latina y el Caribe\"><img width=\"316\" height=\"367\" src=\"https:\/\/www.austral.edu.ar\/escueladegobierno\/casoteca\/wp-content\/uploads\/2017\/05\/intal-logo.png\" class=\"attachment-full size-full wp-post-image\" alt=\"\" decoding=\"async\" srcset=\"https:\/\/www.austral.edu.ar\/escueladegobierno\/casoteca\/wp-content\/uploads\/2017\/05\/intal-logo.png 316w, https:\/\/www.austral.edu.ar\/escueladegobierno\/casoteca\/wp-content\/uploads\/2017\/05\/intal-logo-258x300.png 258w\" sizes=\"(max-width: 316px) 100vw, 316px\" \/><\/a><\/div><div class=\"col-lg-2 col-sm-4 col-md-4 col-xs-12 tm-box\"><a href=\"www.caf.com\" target=\"_blank\" title=\"CAF &#8211; Banco de desarrollo de Am\u00e9rica Latina\"><img width=\"316\" height=\"367\" src=\"https:\/\/www.austral.edu.ar\/escueladegobierno\/casoteca\/wp-content\/uploads\/2017\/05\/caf-logo.png\" class=\"attachment-full size-full wp-post-image\" alt=\"\" decoding=\"async\" srcset=\"https:\/\/www.austral.edu.ar\/escueladegobierno\/casoteca\/wp-content\/uploads\/2017\/05\/caf-logo.png 316w, https:\/\/www.austral.edu.ar\/escueladegobierno\/casoteca\/wp-content\/uploads\/2017\/05\/caf-logo-258x300.png 258w\" sizes=\"(max-width: 316px) 100vw, 316px\" \/><\/a><\/div><div class=\"col-lg-2 col-sm-4 col-md-4 col-xs-12 tm-box\"><a href=\"http:\/\/www.uba.ar\" target=\"_blank\" title=\"UBA &#8211; Facultad de Ciencias Sociales\"><img width=\"316\" height=\"367\" src=\"https:\/\/www.austral.edu.ar\/escueladegobierno\/casoteca\/wp-content\/uploads\/2017\/05\/uba-logo.png\" class=\"attachment-full size-full wp-post-image\" alt=\"\" decoding=\"async\" srcset=\"https:\/\/www.austral.edu.ar\/escueladegobierno\/casoteca\/wp-content\/uploads\/2017\/05\/uba-logo.png 316w, https:\/\/www.austral.edu.ar\/escueladegobierno\/casoteca\/wp-content\/uploads\/2017\/05\/uba-logo-258x300.png 258w\" sizes=\"(max-width: 316px) 100vw, 316px\" \/><\/a><\/div><div class=\"col-lg-2 col-sm-4 col-md-4 col-xs-12 tm-box\"><a href=\"http:\/\/www.utdt.edu\" target=\"_blank\" title=\"Di Tella &#8211; Escuela de Gobierno\"><img width=\"316\" height=\"367\" src=\"https:\/\/www.austral.edu.ar\/escueladegobierno\/casoteca\/wp-content\/uploads\/2017\/05\/di-tella-logo.png\" class=\"attachment-full size-full wp-post-image\" alt=\"\" decoding=\"async\" srcset=\"https:\/\/www.austral.edu.ar\/escueladegobierno\/casoteca\/wp-content\/uploads\/2017\/05\/di-tella-logo.png 316w, https:\/\/www.austral.edu.ar\/escueladegobierno\/casoteca\/wp-content\/uploads\/2017\/05\/di-tella-logo-258x300.png 258w\" sizes=\"(max-width: 316px) 100vw, 316px\" \/><\/a><\/div><div class=\"col-lg-2 col-sm-4 col-md-4 col-xs-12 tm-box\"><a href=\"https:\/\/www.uade.edu.ar\" target=\"_blank\" title=\"UADE &#8211; Departamento de Gobierno y Relaciones Internacionales\"><img width=\"316\" height=\"367\" src=\"https:\/\/www.austral.edu.ar\/escueladegobierno\/casoteca\/wp-content\/uploads\/2017\/05\/uade-logo.png\" class=\"attachment-full size-full wp-post-image\" alt=\"\" decoding=\"async\" srcset=\"https:\/\/www.austral.edu.ar\/escueladegobierno\/casoteca\/wp-content\/uploads\/2017\/05\/uade-logo.png 316w, https:\/\/www.austral.edu.ar\/escueladegobierno\/casoteca\/wp-content\/uploads\/2017\/05\/uade-logo-258x300.png 258w\" sizes=\"(max-width: 316px) 100vw, 316px\" \/><\/a><\/div><div class=\"col-lg-2 col-sm-4 col-md-4 col-xs-12 tm-box\"><a href=\"http:\/\/www.senado.gov.ar\/micrositios\/capacitacionSuperior\" target=\"_blank\" title=\"Direcci\u00f3n General de Programas de Investigaci\u00f3n y Capacitaci\u00f3n\"><img width=\"316\" height=\"367\" src=\"https:\/\/www.austral.edu.ar\/escueladegobierno\/casoteca\/wp-content\/uploads\/2017\/04\/senado.png\" class=\"attachment-full size-full wp-post-image\" alt=\"\" decoding=\"async\" srcset=\"https:\/\/www.austral.edu.ar\/escueladegobierno\/casoteca\/wp-content\/uploads\/2017\/04\/senado.png 316w, https:\/\/www.austral.edu.ar\/escueladegobierno\/casoteca\/wp-content\/uploads\/2017\/04\/senado-258x300.png 258w\" sizes=\"(max-width: 316px) 100vw, 316px\" \/><\/a><\/div><div class=\"col-lg-2 col-sm-4 col-md-4 col-xs-12 tm-box\"><a href=\"http:\/\/governeo.org\" target=\"_blank\" title=\"Governeo\"><img width=\"316\" height=\"367\" src=\"https:\/\/www.austral.edu.ar\/escueladegobierno\/casoteca\/wp-content\/uploads\/2017\/04\/governeo.png\" class=\"attachment-full size-full wp-post-image\" alt=\"\" decoding=\"async\" srcset=\"https:\/\/www.austral.edu.ar\/escueladegobierno\/casoteca\/wp-content\/uploads\/2017\/04\/governeo.png 316w, https:\/\/www.austral.edu.ar\/escueladegobierno\/casoteca\/wp-content\/uploads\/2017\/04\/governeo-258x300.png 258w\" sizes=\"(max-width: 316px) 100vw, 316px\" \/><\/a><\/div><div class=\"col-lg-2 col-sm-4 col-md-4 col-xs-12 tm-box\"><a href=\"http:\/\/www.conin.org.ar\" target=\"_blank\" title=\"Fundaci\u00f3n CONIN\"><img width=\"316\" height=\"367\" src=\"https:\/\/www.austral.edu.ar\/escueladegobierno\/casoteca\/wp-content\/uploads\/2017\/04\/conin.png\" class=\"attachment-full size-full wp-post-image\" alt=\"\" decoding=\"async\" srcset=\"https:\/\/www.austral.edu.ar\/escueladegobierno\/casoteca\/wp-content\/uploads\/2017\/04\/conin.png 316w, https:\/\/www.austral.edu.ar\/escueladegobierno\/casoteca\/wp-content\/uploads\/2017\/04\/conin-258x300.png 258w\" sizes=\"(max-width: 316px) 100vw, 316px\" \/><\/a><\/div><div class=\"col-lg-2 col-sm-4 col-md-4 col-xs-12 tm-box\"><a href=\"http:\/\/fisal.org\/wp2015\/\" target=\"_blank\" title=\"Fundaci\u00f3n de Investigaci\u00f3n Social Argentino Latinoamericana\"><img width=\"316\" height=\"367\" src=\"https:\/\/www.austral.edu.ar\/escueladegobierno\/casoteca\/wp-content\/uploads\/2017\/04\/fisal.png\" class=\"attachment-full size-full wp-post-image\" alt=\"\" decoding=\"async\" srcset=\"https:\/\/www.austral.edu.ar\/escueladegobierno\/casoteca\/wp-content\/uploads\/2017\/04\/fisal.png 316w, https:\/\/www.austral.edu.ar\/escueladegobierno\/casoteca\/wp-content\/uploads\/2017\/04\/fisal-258x300.png 258w\" sizes=\"(max-width: 316px) 100vw, 316px\" \/><\/a><\/div><div class=\"col-lg-2 col-sm-4 col-md-4 col-xs-12 tm-box\"><a href=\"https:\/\/www.saap.org.ar\" target=\"_blank\" title=\"Sociedad Argentina de An\u00e1lisis Pol\u00edtico\"><img width=\"316\" height=\"367\" src=\"https:\/\/www.austral.edu.ar\/escueladegobierno\/casoteca\/wp-content\/uploads\/2017\/04\/saap.png\" class=\"attachment-full size-full wp-post-image\" alt=\"\" decoding=\"async\" srcset=\"https:\/\/www.austral.edu.ar\/escueladegobierno\/casoteca\/wp-content\/uploads\/2017\/04\/saap.png 316w, https:\/\/www.austral.edu.ar\/escueladegobierno\/casoteca\/wp-content\/uploads\/2017\/04\/saap-258x300.png 258w\" sizes=\"(max-width: 316px) 100vw, 316px\" \/><\/a><\/div><div class=\"col-lg-2 col-sm-4 col-md-4 col-xs-12 tm-box\"><a href=\"http:\/\/www.pilar.gov.ar\" target=\"_blank\" title=\"Municipalidad de Pilar\"><img width=\"316\" height=\"367\" src=\"https:\/\/www.austral.edu.ar\/escueladegobierno\/casoteca\/wp-content\/uploads\/2017\/04\/pilar-1.png\" class=\"attachment-full size-full wp-post-image\" alt=\"\" decoding=\"async\" srcset=\"https:\/\/www.austral.edu.ar\/escueladegobierno\/casoteca\/wp-content\/uploads\/2017\/04\/pilar-1.png 316w, https:\/\/www.austral.edu.ar\/escueladegobierno\/casoteca\/wp-content\/uploads\/2017\/04\/pilar-1-258x300.png 258w\" sizes=\"(max-width: 316px) 100vw, 316px\" \/><\/a><\/div><div class=\"col-lg-2 col-sm-4 col-md-4 col-xs-12 tm-box\"><a href=\"http:\/\/www.tucuman.gov.ar\" target=\"_blank\" title=\"Escuela de gobierno\"><img width=\"316\" height=\"367\" src=\"https:\/\/www.austral.edu.ar\/escueladegobierno\/casoteca\/wp-content\/uploads\/2017\/04\/tuc.png\" class=\"attachment-full size-full wp-post-image\" alt=\"\" decoding=\"async\" srcset=\"https:\/\/www.austral.edu.ar\/escueladegobierno\/casoteca\/wp-content\/uploads\/2017\/04\/tuc.png 316w, https:\/\/www.austral.edu.ar\/escueladegobierno\/casoteca\/wp-content\/uploads\/2017\/04\/tuc-258x300.png 258w\" sizes=\"(max-width: 316px) 100vw, 316px\" \/><\/a><\/div><div class=\"col-lg-2 col-sm-4 col-md-4 col-xs-12 tm-box\"><a href=\"http:\/\/www2.hss.de\/americalatina\/es\/argentina.html\" target=\"_blank\" title=\"Hanns Seidel\"><img width=\"316\" height=\"367\" src=\"https:\/\/www.austral.edu.ar\/escueladegobierno\/casoteca\/wp-content\/uploads\/2017\/04\/hans.png\" class=\"attachment-full size-full wp-post-image\" alt=\"\" decoding=\"async\" srcset=\"https:\/\/www.austral.edu.ar\/escueladegobierno\/casoteca\/wp-content\/uploads\/2017\/04\/hans.png 316w, https:\/\/www.austral.edu.ar\/escueladegobierno\/casoteca\/wp-content\/uploads\/2017\/04\/hans-258x300.png 258w\" sizes=\"(max-width: 316px) 100vw, 316px\" \/><\/a><\/div><div class=\"col-lg-2 col-sm-4 col-md-4 col-xs-12 tm-box\"><a href=\"http:\/\/www.austral.edu.ar\/escueladegobierno\/\" target=\"_blank\" title=\"Escuela de Gobierno\"><img width=\"316\" height=\"366\" src=\"https:\/\/www.austral.edu.ar\/escueladegobierno\/casoteca\/wp-content\/uploads\/2014\/10\/logo-vertical-transparente.png\" class=\"attachment-full size-full wp-post-image\" alt=\"\" decoding=\"async\" srcset=\"https:\/\/www.austral.edu.ar\/escueladegobierno\/casoteca\/wp-content\/uploads\/2014\/10\/logo-vertical-transparente.png 316w, https:\/\/www.austral.edu.ar\/escueladegobierno\/casoteca\/wp-content\/uploads\/2014\/10\/logo-vertical-transparente-259x300.png 259w\" sizes=\"(max-width: 316px) 100vw, 316px\" \/><\/a><\/div><div class=\"col-lg-2 col-sm-4 col-md-4 col-xs-12 tm-box\"><a href=\"http:\/\/www.buenosaires.gob.ar\" target=\"_blank\" title=\"Gobierno de la Ciudad\"><img width=\"316\" height=\"367\" src=\"https:\/\/www.austral.edu.ar\/escueladegobierno\/casoteca\/wp-content\/uploads\/2017\/04\/GCBA.png\" class=\"attachment-full size-full wp-post-image\" alt=\"\" decoding=\"async\" srcset=\"https:\/\/www.austral.edu.ar\/escueladegobierno\/casoteca\/wp-content\/uploads\/2017\/04\/GCBA.png 316w, https:\/\/www.austral.edu.ar\/escueladegobierno\/casoteca\/wp-content\/uploads\/2017\/04\/GCBA-258x300.png 258w\" sizes=\"(max-width: 316px) 100vw, 316px\" \/><\/a><\/div>\n\t<\/div><\/div>[\/vc_column][\/vc_row]<\/p>\n<\/div>","protected":false},"excerpt":{"rendered":"<p>[vc_row css=&#8221;.vc_custom_1487089033492{padding-top: 50px !important;padding-bottom: 50px !important;}&#8221;][vc_column][vc_column_text] Qui\u00e9nes somos [\/vc_column_text][vc_column_text css_animation=&#8221;none&#8221; el_class=&#8221;institucional&#8221;]La CASOTECA nace de la vocaci\u00f3n compartida entre diversos actores de la sociedad por mejorar la calidad de la administraci\u00f3n p\u00fablica a trav\u00e9s de una adecuada formaci\u00f3n de los funcionarios p\u00fablicos, orientada a la soluci\u00f3n de problemas pr\u00e1cticos y concretos. Para ello resulta conveniente contar [&hellip;]<\/p>\n","protected":false},"author":1,"featured_media":0,"parent":0,"menu_order":10,"comment_status":"closed","ping_status":"closed","template":"","meta":{"footnotes":""},"_links":{"self":[{"href":"https:\/\/www.austral.edu.ar\/escueladegobierno\/casoteca\/index.php\/wp-json\/wp\/v2\/pages\/1490"}],"collection":[{"href":"https:\/\/www.austral.edu.ar\/escueladegobierno\/casoteca\/index.php\/wp-json\/wp\/v2\/pages"}],"about":[{"href":"https:\/\/www.austral.edu.ar\/escueladegobierno\/casoteca\/index.php\/wp-json\/wp\/v2\/types\/page"}],"author":[{"embeddable":true,"href":"https:\/\/www.austral.edu.ar\/escueladegobierno\/casoteca\/index.php\/wp-json\/wp\/v2\/users\/1"}],"replies":[{"embeddable":true,"href":"https:\/\/www.austral.edu.ar\/escueladegobierno\/casoteca\/index.php\/wp-json\/wp\/v2\/comments?post=1490"}],"version-history":[{"count":36,"href":"https:\/\/www.austral.edu.ar\/escueladegobierno\/casoteca\/index.php\/wp-json\/wp\/v2\/pages\/1490\/revisions"}],"predecessor-version":[{"id":2431,"href":"https:\/\/www.austral.edu.ar\/escueladegobierno\/casoteca\/index.php\/wp-json\/wp\/v2\/pages\/1490\/revisions\/2431"}],"wp:attachment":[{"href":"https:\/\/www.austral.edu.ar\/escueladegobierno\/casoteca\/index.php\/wp-json\/wp\/v2\/media?parent=1490"}],"curies":[{"name":"wp","href":"https:\/\/api.w.org\/{rel}","templated":true}]}}